{"id":684,"date":"2025-11-21T13:19:44","date_gmt":"2025-11-21T13:19:44","guid":{"rendered":"https:\/\/www.semeccel.com\/?post_type=projet&#038;p=684"},"modified":"2025-12-08T14:53:35","modified_gmt":"2025-12-08T14:53:35","slug":"la-cite-de-lespace","status":"publish","type":"projet","link":"https:\/\/www.semeccel.com\/es\/projet\/la-cite-de-lespace\/","title":{"rendered":"Cit\u00e9 de l&#8217;espace"},"content":{"rendered":"\n<h2 class=\"wp-block-heading\">Depuis 1997<\/h2>\n\n\n\n<ul class=\"wp-block-list\">\n<li>D\u00e9finition des \u00e9quipements (expositions, salles de spectacles, cr\u00e9ation de b\u00e2timents, coupole astronomie, restaurant, boutique etc.), de la cr\u00e9ation et au cours de la vie du site<\/li>\n\n\n\n<li>D\u00e9finition du mod\u00e8le \u00e9conomique<\/li>\n\n\n\n<li>Suivi de r\u00e9alisation de l\u2019ensemble des \u00e9quipements<\/li>\n\n\n\n<li>Conception et suivi de r\u00e9alisation du renouvellement des \u00e9quipements<\/li>\n\n\n\n<li>Conception de la programmation \u00e9ducative et \u00e9v\u00e8nementielle<\/li>\n\n\n\n<li>Gestion compl\u00e8te du site.<\/li>\n\n\n\n<li>D\u00e9finition du plan strat\u00e9gique et conceptuel, et renouvellement \u00e0 chaque \u00e9tape importante de la vie du site :\n<ul class=\"wp-block-list\">\n<li>En 1997 : ouverture<\/li>\n\n\n\n<li>En 2005 : extension du site \u2013 cr\u00e9ation d\u2019un nouveau b\u00e2timent<\/li>\n\n\n\n<li>En 2012 : <strong>Repositionnement global de la Cit\u00e9 de l\u2019espace \u00e0 Toulouse :<\/strong> pilotage de la refonte des expositions permanentes, \u00e9laboration d\u2019une strat\u00e9gie de m\u00e9diation innovante et gestion des \u00e9v\u00e9nements internationaux (ex. Congr\u00e8s ECSITE, ASE, IPS). R\u00e9sultats : fr\u00e9quentation accrue de 270\u202f000 \u00e0 plus de 450\u202f000 visiteurs par an.<\/li>\n\n\n\n<li>En 2023, ouverture d\u2019un simulateur de vol lunaire<\/li>\n<\/ul>\n<\/li>\n<\/ul>\n\n\n<div class=\"espace pb-6\"><\/div>\n\n<div class=\"carousel\" data-component=\"36-carousel\">\n\t\t<div class=\"splide\">\n\t\t<div class=\"container\">\n\t\t\t<!-- Boutons de navigation -->\n\t\t\t<div class=\"splide__arrows splide__arrows--ltr mb-4 mb-lg-6 ms-4\">\n\t\t\t\t<button type=\"button\" class=\"btn p-0 border-0 splide__arrow splide__arrow--prev\" aria-label=\"Pr\u00e9c\u00e9dent\">\n\t\t\t\t\t<svg xmlns=\"http:\/\/www.w3.org\/2000\/svg\" width=\"33\" height=\"32\" viewBox=\"0 0 33 32\" fill=\"none\" style=\"transform: rotate(180deg)\">\n    <path d=\"M29.5781 16C29.5781 8.832 23.7461 3 16.5781 3C9.41013 3 3.57812 8.832 3.57812 16C3.57812 23.168 9.41012 29 16.5781 29C23.7461 29 29.5781 23.168 29.5781 16ZM27.5781 16C27.5781 22.087 22.6651 27 16.5781 27C10.4911 27 5.57812 22.087 5.57812 16C5.57812 9.913 10.4911 5 16.5781 5C22.6651 5 27.5781 9.913 27.5781 16ZM21.4841 16L20.7971 15.28L14.7971 9.28L13.3571 10.72L18.6411 16L13.3611 21.28L14.7981 22.72L20.7981 16.72L21.4841 16Z\" fill=\"url(#paint0_linear_626_35393)\"\/>\n    <defs>\n        <linearGradient id=\"paint0_linear_626_35393\" x1=\"29.5781\" y1=\"29\" x2=\"25.6425\" y2=\"0.00510185\" gradientUnits=\"userSpaceOnUse\">\n            <stop stop-color=\"#EC660E\"\/>\n            <stop offset=\"1\" stop-color=\"#E5066E\"\/>\n        <\/linearGradient>\n    <\/defs>\n<\/svg>\t\t\t\t<\/button>\n\t\t\t\t<button type=\"button\" class=\"btn p-0 border-0 splide__arrow splide__arrow--next\" aria-label=\"Suivant\">\n\t\t\t\t\t<svg xmlns=\"http:\/\/www.w3.org\/2000\/svg\" width=\"33\" height=\"32\" viewBox=\"0 0 33 32\" fill=\"none\">\n    <path d=\"M29.5781 16C29.5781 8.832 23.7461 3 16.5781 3C9.41013 3 3.57812 8.832 3.57812 16C3.57812 23.168 9.41012 29 16.5781 29C23.7461 29 29.5781 23.168 29.5781 16ZM27.5781 16C27.5781 22.087 22.6651 27 16.5781 27C10.4911 27 5.57812 22.087 5.57812 16C5.57812 9.913 10.4911 5 16.5781 5C22.6651 5 27.5781 9.913 27.5781 16ZM21.4841 16L20.7971 15.28L14.7971 9.28L13.3571 10.72L18.6411 16L13.3611 21.28L14.7981 22.72L20.7981 16.72L21.4841 16Z\" fill=\"url(#paint0_linear_626_35393)\"\/>\n    <defs>\n        <linearGradient id=\"paint0_linear_626_35393\" x1=\"29.5781\" y1=\"29\" x2=\"25.6425\" y2=\"0.00510185\" gradientUnits=\"userSpaceOnUse\">\n            <stop stop-color=\"#EC660E\"\/>\n            <stop offset=\"1\" stop-color=\"#E5066E\"\/>\n        <\/linearGradient>\n    <\/defs>\n<\/svg>\t\t\t\t<\/button>\n\t\t\t<\/div>\n\t\t<\/div>\n\t\t<div class=\"splide__track\">\n\t\t\t<ul class=\"splide__list\">\n\t\t\t\t\t\t\t\t\t\t\t\t\t\t\t\t\t\t\t\t\t<li class=\"splide__slide\">\n\t\t\t\t\t\t\t<span class=\"card-carousel d-block position-relative w-100 h-100\">\n\t\t\t\t\t\t\t\t<span class=\"card-carousel__bg d-block w-100 h-100\">\n\t\t\t\t\t\t\t\t\t<img decoding=\"async\" src=\"https:\/\/www.semeccel.com\/wp-content\/uploads\/2025\/11\/exposition-citedelespace.jpg\"\n\t\t\t\t\t\t\t\t\t     width=\"1920\"\n\t\t\t\t\t\t\t\t\t     height=\"1279\"\n\t\t\t\t\t\t\t\t\t     alt=\"Quai du Systeme Solaire \/ Expositions Cite de l&#039;espace\"\n\t\t\t\t\t\t\t\t\t     class=\"w-100 h-100 object-fit-cover\"\n\t\t\t\t\t\t\t\t\t     loading=\"lazy\"\/>\n\t\t\t\t\t\t\t\t<\/span>\n\t\t\t\t\t\t\t<\/span>\n\t\t\t\t\t\t<\/li>\n\t\t\t\t\t\t\t\t\t\t\t\t\t\t\t\t\t<li class=\"splide__slide\">\n\t\t\t\t\t\t\t<span class=\"card-carousel d-block position-relative w-100 h-100\">\n\t\t\t\t\t\t\t\t<span class=\"card-carousel__bg d-block w-100 h-100\">\n\t\t\t\t\t\t\t\t\t<img decoding=\"async\" src=\"https:\/\/www.semeccel.com\/wp-content\/uploads\/2025\/11\/lunexplorer-interieur-citedelespace.jpg\"\n\t\t\t\t\t\t\t\t\t     width=\"1920\"\n\t\t\t\t\t\t\t\t\t     height=\"1280\"\n\t\t\t\t\t\t\t\t\t     alt=\"lunexplorer-interieur-citedelespace\"\n\t\t\t\t\t\t\t\t\t     class=\"w-100 h-100 object-fit-cover\"\n\t\t\t\t\t\t\t\t\t     loading=\"lazy\"\/>\n\t\t\t\t\t\t\t\t<\/span>\n\t\t\t\t\t\t\t<\/span>\n\t\t\t\t\t\t<\/li>\n\t\t\t\t\t\t\t\t\t\t\t\t\t\t\t\t\t<li class=\"splide__slide\">\n\t\t\t\t\t\t\t<span class=\"card-carousel d-block position-relative w-100 h-100\">\n\t\t\t\t\t\t\t\t<span class=\"card-carousel__bg d-block w-100 h-100\">\n\t\t\t\t\t\t\t\t\t<img decoding=\"async\" src=\"https:\/\/www.semeccel.com\/wp-content\/uploads\/2025\/11\/terrain-martien-cde.jpg\"\n\t\t\t\t\t\t\t\t\t     width=\"1920\"\n\t\t\t\t\t\t\t\t\t     height=\"1280\"\n\t\t\t\t\t\t\t\t\t     alt=\"Defi Robots Martiens 2024\"\n\t\t\t\t\t\t\t\t\t     class=\"w-100 h-100 object-fit-cover\"\n\t\t\t\t\t\t\t\t\t     loading=\"lazy\"\/>\n\t\t\t\t\t\t\t\t<\/span>\n\t\t\t\t\t\t\t<\/span>\n\t\t\t\t\t\t<\/li>\n\t\t\t\t\t\t\t\t\t\t\t\t\t\t\t\t\t<li class=\"splide__slide\">\n\t\t\t\t\t\t\t<span class=\"card-carousel d-block position-relative w-100 h-100\">\n\t\t\t\t\t\t\t\t<span class=\"card-carousel__bg d-block w-100 h-100\">\n\t\t\t\t\t\t\t\t\t<img decoding=\"async\" src=\"https:\/\/www.semeccel.com\/wp-content\/uploads\/2025\/11\/\u00a9pierre-carton_cde-108.jpg\"\n\t\t\t\t\t\t\t\t\t     width=\"1920\"\n\t\t\t\t\t\t\t\t\t     height=\"1279\"\n\t\t\t\t\t\t\t\t\t     alt=\"Restaurant L&#039;Astronaute\"\n\t\t\t\t\t\t\t\t\t     class=\"w-100 h-100 object-fit-cover\"\n\t\t\t\t\t\t\t\t\t     loading=\"lazy\"\/>\n\t\t\t\t\t\t\t\t<\/span>\n\t\t\t\t\t\t\t<\/span>\n\t\t\t\t\t\t<\/li>\n\t\t\t\t\t\t\t\t\t\t\t\t\t\t\t\t\t<li class=\"splide__slide\">\n\t\t\t\t\t\t\t<span class=\"card-carousel d-block position-relative w-100 h-100\">\n\t\t\t\t\t\t\t\t<span class=\"card-carousel__bg d-block w-100 h-100\">\n\t\t\t\t\t\t\t\t\t<img decoding=\"async\" src=\"https:\/\/www.semeccel.com\/wp-content\/uploads\/2025\/11\/relation-internationales-semeccel.jpg\"\n\t\t\t\t\t\t\t\t\t     width=\"1280\"\n\t\t\t\t\t\t\t\t\t     height=\"960\"\n\t\t\t\t\t\t\t\t\t     alt=\"relation-internationales-semeccel\"\n\t\t\t\t\t\t\t\t\t     class=\"w-100 h-100 object-fit-cover\"\n\t\t\t\t\t\t\t\t\t     loading=\"lazy\"\/>\n\t\t\t\t\t\t\t\t<\/span>\n\t\t\t\t\t\t\t<\/span>\n\t\t\t\t\t\t<\/li>\n\t\t\t\t\t\t\t\t\t\t\t\t<\/ul>\n\t\t<\/div>\n\t<\/div>\n<\/div>","protected":false},"excerpt":{"rendered":"Depuis 1997","protected":false},"featured_media":373,"template":"","class_list":["post-684","projet","type-projet","status-publish","has-post-thumbnail","hentry"],"acf":[],"yoast_head":"<!-- This site is optimized with the Yoast SEO plugin v26.5 - https:\/\/yoast.com\/wordpress\/plugins\/seo\/ -->\n<title>Cit\u00e9 de l&#039;espace - Semeccel<\/title>\n<meta name=\"robots\" content=\"index, follow, max-snippet:-1, max-image-preview:large, max-video-preview:-1\" \/>\n<link rel=\"canonical\" href=\"https:\/\/www.semeccel.com\/es\/projet\/la-cite-de-lespace\/\" \/>\n<meta property=\"og:locale\" content=\"es_ES\" \/>\n<meta property=\"og:type\" content=\"article\" \/>\n<meta property=\"og:title\" content=\"Cit\u00e9 de l&#039;espace - Semeccel\" \/>\n<meta property=\"og:description\" content=\"Depuis 1997\" \/>\n<meta property=\"og:url\" content=\"https:\/\/www.semeccel.com\/es\/projet\/la-cite-de-lespace\/\" \/>\n<meta property=\"og:site_name\" content=\"Semeccel\" \/>\n<meta property=\"article:modified_time\" content=\"2025-12-08T14:53:35+00:00\" \/>\n<meta property=\"og:image\" content=\"https:\/\/www.semeccel.com\/wp-content\/uploads\/2025\/11\/lunexplorer-citedelespace-animation-scaled.jpg\" \/>\n\t<meta property=\"og:image:width\" content=\"2560\" \/>\n\t<meta property=\"og:image:height\" content=\"1707\" \/>\n\t<meta property=\"og:image:type\" content=\"image\/jpeg\" \/>\n<meta name=\"twitter:card\" content=\"summary_large_image\" \/>\n<meta name=\"twitter:label1\" content=\"Est. reading time\" \/>\n\t<meta name=\"twitter:data1\" content=\"1 minute\" \/>\n<script type=\"application\/ld+json\" class=\"yoast-schema-graph\">{\"@context\":\"https:\/\/schema.org\",\"@graph\":[{\"@type\":\"WebPage\",\"@id\":\"https:\/\/www.semeccel.com\/es\/projet\/la-cite-de-lespace\/\",\"url\":\"https:\/\/www.semeccel.com\/es\/projet\/la-cite-de-lespace\/\",\"name\":\"Cit\u00e9 de l'espace - Semeccel\",\"isPartOf\":{\"@id\":\"https:\/\/www.semeccel.com\/es\/#website\"},\"primaryImageOfPage\":{\"@id\":\"https:\/\/www.semeccel.com\/es\/projet\/la-cite-de-lespace\/#primaryimage\"},\"image\":{\"@id\":\"https:\/\/www.semeccel.com\/es\/projet\/la-cite-de-lespace\/#primaryimage\"},\"thumbnailUrl\":\"https:\/\/www.semeccel.com\/wp-content\/uploads\/2025\/11\/lunexplorer-citedelespace-animation-scaled.jpg\",\"datePublished\":\"2025-11-21T13:19:44+00:00\",\"dateModified\":\"2025-12-08T14:53:35+00:00\",\"breadcrumb\":{\"@id\":\"https:\/\/www.semeccel.com\/es\/projet\/la-cite-de-lespace\/#breadcrumb\"},\"inLanguage\":\"es-ES\",\"potentialAction\":[{\"@type\":\"ReadAction\",\"target\":[\"https:\/\/www.semeccel.com\/es\/projet\/la-cite-de-lespace\/\"]}]},{\"@type\":\"ImageObject\",\"inLanguage\":\"es-ES\",\"@id\":\"https:\/\/www.semeccel.com\/es\/projet\/la-cite-de-lespace\/#primaryimage\",\"url\":\"https:\/\/www.semeccel.com\/wp-content\/uploads\/2025\/11\/lunexplorer-citedelespace-animation-scaled.jpg\",\"contentUrl\":\"https:\/\/www.semeccel.com\/wp-content\/uploads\/2025\/11\/lunexplorer-citedelespace-animation-scaled.jpg\",\"width\":7000,\"height\":4667},{\"@type\":\"BreadcrumbList\",\"@id\":\"https:\/\/www.semeccel.com\/es\/projet\/la-cite-de-lespace\/#breadcrumb\",\"itemListElement\":[{\"@type\":\"ListItem\",\"position\":1,\"name\":\"Accueil\",\"item\":\"https:\/\/www.semeccel.com\/es\/\"},{\"@type\":\"ListItem\",\"position\":2,\"name\":\"Projets\",\"item\":\"https:\/\/www.semeccel.com\/es\/projet\/\"},{\"@type\":\"ListItem\",\"position\":3,\"name\":\"Cit\u00e9 de l&rsquo;espace\"}]},{\"@type\":\"WebSite\",\"@id\":\"https:\/\/www.semeccel.com\/es\/#website\",\"url\":\"https:\/\/www.semeccel.com\/es\/\",\"name\":\"Semeccel\",\"description\":\"\",\"potentialAction\":[{\"@type\":\"SearchAction\",\"target\":{\"@type\":\"EntryPoint\",\"urlTemplate\":\"https:\/\/www.semeccel.com\/es\/?s={search_term_string}\"},\"query-input\":{\"@type\":\"PropertyValueSpecification\",\"valueRequired\":true,\"valueName\":\"search_term_string\"}}],\"inLanguage\":\"es-ES\"}]}<\/script>\n<!-- \/ Yoast SEO plugin. -->","yoast_head_json":{"title":"Cit\u00e9 de l'espace - Semeccel","robots":{"index":"index","follow":"follow","max-snippet":"max-snippet:-1","max-image-preview":"max-image-preview:large","max-video-preview":"max-video-preview:-1"},"canonical":"https:\/\/www.semeccel.com\/es\/projet\/la-cite-de-lespace\/","og_locale":"es_ES","og_type":"article","og_title":"Cit\u00e9 de l'espace - Semeccel","og_description":"Depuis 1997","og_url":"https:\/\/www.semeccel.com\/es\/projet\/la-cite-de-lespace\/","og_site_name":"Semeccel","article_modified_time":"2025-12-08T14:53:35+00:00","og_image":[{"width":2560,"height":1707,"url":"https:\/\/www.semeccel.com\/wp-content\/uploads\/2025\/11\/lunexplorer-citedelespace-animation-scaled.jpg","type":"image\/jpeg"}],"twitter_card":"summary_large_image","twitter_misc":{"Est. reading time":"1 minute"},"schema":{"@context":"https:\/\/schema.org","@graph":[{"@type":"WebPage","@id":"https:\/\/www.semeccel.com\/es\/projet\/la-cite-de-lespace\/","url":"https:\/\/www.semeccel.com\/es\/projet\/la-cite-de-lespace\/","name":"Cit\u00e9 de l'espace - Semeccel","isPartOf":{"@id":"https:\/\/www.semeccel.com\/es\/#website"},"primaryImageOfPage":{"@id":"https:\/\/www.semeccel.com\/es\/projet\/la-cite-de-lespace\/#primaryimage"},"image":{"@id":"https:\/\/www.semeccel.com\/es\/projet\/la-cite-de-lespace\/#primaryimage"},"thumbnailUrl":"https:\/\/www.semeccel.com\/wp-content\/uploads\/2025\/11\/lunexplorer-citedelespace-animation-scaled.jpg","datePublished":"2025-11-21T13:19:44+00:00","dateModified":"2025-12-08T14:53:35+00:00","breadcrumb":{"@id":"https:\/\/www.semeccel.com\/es\/projet\/la-cite-de-lespace\/#breadcrumb"},"inLanguage":"es-ES","potentialAction":[{"@type":"ReadAction","target":["https:\/\/www.semeccel.com\/es\/projet\/la-cite-de-lespace\/"]}]},{"@type":"ImageObject","inLanguage":"es-ES","@id":"https:\/\/www.semeccel.com\/es\/projet\/la-cite-de-lespace\/#primaryimage","url":"https:\/\/www.semeccel.com\/wp-content\/uploads\/2025\/11\/lunexplorer-citedelespace-animation-scaled.jpg","contentUrl":"https:\/\/www.semeccel.com\/wp-content\/uploads\/2025\/11\/lunexplorer-citedelespace-animation-scaled.jpg","width":7000,"height":4667},{"@type":"BreadcrumbList","@id":"https:\/\/www.semeccel.com\/es\/projet\/la-cite-de-lespace\/#breadcrumb","itemListElement":[{"@type":"ListItem","position":1,"name":"Accueil","item":"https:\/\/www.semeccel.com\/es\/"},{"@type":"ListItem","position":2,"name":"Projets","item":"https:\/\/www.semeccel.com\/es\/projet\/"},{"@type":"ListItem","position":3,"name":"Cit\u00e9 de l&rsquo;espace"}]},{"@type":"WebSite","@id":"https:\/\/www.semeccel.com\/es\/#website","url":"https:\/\/www.semeccel.com\/es\/","name":"Semeccel","description":"","potentialAction":[{"@type":"SearchAction","target":{"@type":"EntryPoint","urlTemplate":"https:\/\/www.semeccel.com\/es\/?s={search_term_string}"},"query-input":{"@type":"PropertyValueSpecification","valueRequired":true,"valueName":"search_term_string"}}],"inLanguage":"es-ES"}]}},"_links":{"self":[{"href":"https:\/\/www.semeccel.com\/es\/wp-json\/wp\/v2\/projet\/684","targetHints":{"allow":["GET"]}}],"collection":[{"href":"https:\/\/www.semeccel.com\/es\/wp-json\/wp\/v2\/projet"}],"about":[{"href":"https:\/\/www.semeccel.com\/es\/wp-json\/wp\/v2\/types\/projet"}],"wp:featuredmedia":[{"embeddable":true,"href":"https:\/\/www.semeccel.com\/es\/wp-json\/wp\/v2\/media\/373"}],"wp:attachment":[{"href":"https:\/\/www.semeccel.com\/es\/wp-json\/wp\/v2\/media?parent=684"}],"curies":[{"name":"wp","href":"https:\/\/api.w.org\/{rel}","templated":true}]}}